{"id":99,"date":"2023-02-10T10:07:15","date_gmt":"2023-02-10T10:07:15","guid":{"rendered":"http:\/\/feuerwehr-mupperg.de\/?page_id=99"},"modified":"2026-01-15T07:16:12","modified_gmt":"2026-01-15T07:16:12","slug":"unsere-veranstaltungen","status":"publish","type":"page","link":"https:\/\/feuerwehr-mupperg.de\/?page_id=99","title":{"rendered":"Unsere Events"},"content":{"rendered":"\n<p><strong>Unsere Veranstaltungen, f\u00fcr unser Dorf.<\/strong><\/p>\n\n\n\n<p>Der Feuerwehrverein Mupperg veranstaltete schon zahlreichen Events, wie das Dorffest, die Mupperger Dorfweihnacht, und im j\u00e4hrlichen Wechsel mit dem SV Mupperg die Kerwa Anfang Oktober. Dar\u00fcber hinaus  wurden im &#8220;Roten Ochsen&#8221; einige Tanzveranstaltungen organisiert und durchgef\u00fchrt. Mit dem SV Mupperg, den Backofenverein und der Mupperger Blasmusik zusammen organisierte der Feuerwehrverein im Sommer 2019  die 950-Jahr-Feier der Gemeinde Mupperg, an der neben den  Th\u00fcringer Ministerpr\u00e4sidenten Ramelow, Vertreter des Landes, des Kreises und der Gemeinde F\u00f6ritztal, viele zahlreiche Besucher aus nah und fern teilnahmen. Ein Riesenerfolg an den die Mupperger  Einwohner noch lange denken werden.<\/p>\n\n\n\n<p class=\"has-white-color has-text-color\">.<\/p>\n\n\n\n<div class=\"wp-block-columns is-layout-flex wp-container-core-columns-layout-1 wp-block-columns-is-layout-flex\">\n<div class=\"wp-block-column is-layout-flow wp-block-column-is-layout-flow\">\n<figure class=\"wp-block-image size-full\"><a href=\"https:\/\/feuerwehr-mupperg.de\/wp-content\/uploads\/2023\/04\/event_6.jpg\" target=\"_blank\" rel=\"noreferrer noopener\"><img fetchpriority=\"high\" decoding=\"async\" width=\"960\" height=\"720\" src=\"http:\/\/feuerwehr-mupperg.de\/wp-content\/uploads\/2023\/04\/event_6.jpg\" alt=\"\" class=\"wp-image-1543\" srcset=\"https:\/\/feuerwehr-mupperg.de\/wp-content\/uploads\/2023\/04\/event_6.jpg 960w, https:\/\/feuerwehr-mupperg.de\/wp-content\/uploads\/2023\/04\/event_6-300x225.jpg 300w, https:\/\/feuerwehr-mupperg.de\/wp-content\/uploads\/2023\/04\/event_6-768x576.jpg 768w\" sizes=\"(max-width: 960px) 100vw, 960px\" \/><\/a><figcaption class=\"wp-element-caption\">Feuerwehrhaus Einweihung 2019 <\/figcaption><\/figure>\n<\/div>\n\n\n\n<div class=\"wp-block-column is-layout-flow wp-block-column-is-layout-flow\">\n<figure class=\"wp-block-image size-large\"><a href=\"https:\/\/feuerwehr-mupperg.de\/wp-content\/uploads\/2023\/04\/event_5.jpg\" target=\"_blank\" rel=\"noreferrer noopener\"><img decoding=\"async\" width=\"1024\" height=\"770\" src=\"http:\/\/feuerwehr-mupperg.de\/wp-content\/uploads\/2023\/04\/event_5-1024x770.jpg\" alt=\"\" class=\"wp-image-1542\" srcset=\"https:\/\/feuerwehr-mupperg.de\/wp-content\/uploads\/2023\/04\/event_5-1024x770.jpg 1024w, https:\/\/feuerwehr-mupperg.de\/wp-content\/uploads\/2023\/04\/event_5-300x225.jpg 300w, https:\/\/feuerwehr-mupperg.de\/wp-content\/uploads\/2023\/04\/event_5-768x577.jpg 768w, https:\/\/feuerwehr-mupperg.de\/wp-content\/uploads\/2023\/04\/event_5.jpg 1300w\" sizes=\"(max-width: 1024px) 100vw, 1024px\" \/><\/a><figcaption class=\"wp-element-caption\">Mupperger Kerwa <\/figcaption><\/figure>\n<\/div>\n\n\n\n<div class=\"wp-block-column is-layout-flow wp-block-column-is-layout-flow\">\n<figure class=\"wp-block-image size-large\"><a href=\"https:\/\/feuerwehr-mupperg.de\/wp-content\/uploads\/2023\/04\/event_4.jpg\" target=\"_blank\" rel=\"noreferrer noopener\"><img decoding=\"async\" width=\"1024\" height=\"769\" src=\"http:\/\/feuerwehr-mupperg.de\/wp-content\/uploads\/2023\/04\/event_4-1024x769.jpg\" alt=\"\" class=\"wp-image-1541\" srcset=\"https:\/\/feuerwehr-mupperg.de\/wp-content\/uploads\/2023\/04\/event_4-1024x769.jpg 1024w, https:\/\/feuerwehr-mupperg.de\/wp-content\/uploads\/2023\/04\/event_4-300x225.jpg 300w, https:\/\/feuerwehr-mupperg.de\/wp-content\/uploads\/2023\/04\/event_4-768x577.jpg 768w, https:\/\/feuerwehr-mupperg.de\/wp-content\/uploads\/2023\/04\/event_4.jpg 1300w\" sizes=\"(max-width: 1024px) 100vw, 1024px\" \/><\/a><figcaption class=\"wp-element-caption\">950-Jahr-Feier<\/figcaption><\/figure>\n<\/div>\n<\/div>\n\n\n\n<p><\/p>\n\n\n\n<p><strong>Unsere Events:<\/strong><\/p>\n\n\n\n<p>\u2022 Das Mupperger Dorffest, findet in der Regel im Juni statt<\/p>\n\n\n\n<p>\u2022 Die Mupperger Kirchweih, im j\u00e4hrlichen Wechsel jeweils am ersten Oktoberwochenende<\/p>\n\n\n\n<p>\u2022 Die wundersch\u00f6ne Dorfweihnacht, wie immer am 1. Advent<\/p>\n\n\n\n<p>\u2022 diverse Veranstaltungen, wie z.B. die 950-Jahr-Feier, Tanzveranstaltungen im &#8220;Roten Ochsen&#8221;, den Martinstag am 11. November<\/p>\n\n\n\n<p class=\"has-white-color has-text-color\">.<\/p>\n\n\n\n<p class=\"has-white-color has-text-color\"><\/p>\n\n\n\n<div class=\"wp-block-columns is-layout-flex wp-container-core-columns-layout-2 wp-block-columns-is-layout-flex\">\n<div class=\"wp-block-column is-layout-flow wp-block-column-is-layout-flow\">\n<figure class=\"wp-block-image size-large\"><a href=\"https:\/\/feuerwehr-mupperg.de\/wp-content\/uploads\/2023\/04\/event_3.jpg\" target=\"_blank\" rel=\"noreferrer noopener\"><img loading=\"lazy\" decoding=\"async\" width=\"1024\" height=\"769\" src=\"http:\/\/feuerwehr-mupperg.de\/wp-content\/uploads\/2023\/04\/event_3-1024x769.jpg\" alt=\"\" class=\"wp-image-1540\" srcset=\"https:\/\/feuerwehr-mupperg.de\/wp-content\/uploads\/2023\/04\/event_3-1024x769.jpg 1024w, https:\/\/feuerwehr-mupperg.de\/wp-content\/uploads\/2023\/04\/event_3-300x225.jpg 300w, https:\/\/feuerwehr-mupperg.de\/wp-content\/uploads\/2023\/04\/event_3-768x577.jpg 768w, https:\/\/feuerwehr-mupperg.de\/wp-content\/uploads\/2023\/04\/event_3.jpg 1300w\" sizes=\"(max-width: 1024px) 100vw, 1024px\" \/><\/a><figcaption class=\"wp-element-caption\">Kerwa 2021<\/figcaption><\/figure>\n<\/div>\n\n\n\n<div class=\"wp-block-column is-layout-flow wp-block-column-is-layout-flow\">\n<figure class=\"wp-block-image size-large\"><a href=\"https:\/\/feuerwehr-mupperg.de\/wp-content\/uploads\/2023\/04\/event_1.jpg\" target=\"_blank\" rel=\"noreferrer noopener\"><img loading=\"lazy\" decoding=\"async\" width=\"1024\" height=\"769\" src=\"http:\/\/feuerwehr-mupperg.de\/wp-content\/uploads\/2023\/04\/event_1-1024x769.jpg\" alt=\"\" class=\"wp-image-1538\" srcset=\"https:\/\/feuerwehr-mupperg.de\/wp-content\/uploads\/2023\/04\/event_1-1024x769.jpg 1024w, https:\/\/feuerwehr-mupperg.de\/wp-content\/uploads\/2023\/04\/event_1-300x225.jpg 300w, https:\/\/feuerwehr-mupperg.de\/wp-content\/uploads\/2023\/04\/event_1-768x577.jpg 768w, https:\/\/feuerwehr-mupperg.de\/wp-content\/uploads\/2023\/04\/event_1.jpg 1300w\" sizes=\"(max-width: 1024px) 100vw, 1024px\" \/><\/a><figcaption class=\"wp-element-caption\">Dorfweihnacht<\/figcaption><\/figure>\n<\/div>\n\n\n\n<div class=\"wp-block-column is-layout-flow wp-block-column-is-layout-flow\">\n<figure class=\"wp-block-image size-large\"><a href=\"https:\/\/feuerwehr-mupperg.de\/wp-content\/uploads\/2023\/03\/veranstaltungen_1.jpg\" target=\"_blank\" rel=\"noreferrer noopener\"><img loading=\"lazy\" decoding=\"async\" width=\"1024\" height=\"776\" src=\"http:\/\/feuerwehr-mupperg.de\/wp-content\/uploads\/2023\/03\/veranstaltungen_1-e1680873698745-1024x776.jpg\" alt=\"\" class=\"wp-image-1132\" srcset=\"https:\/\/feuerwehr-mupperg.de\/wp-content\/uploads\/2023\/03\/veranstaltungen_1-e1680873698745-1024x776.jpg 1024w, https:\/\/feuerwehr-mupperg.de\/wp-content\/uploads\/2023\/03\/veranstaltungen_1-e1680873698745-300x227.jpg 300w, https:\/\/feuerwehr-mupperg.de\/wp-content\/uploads\/2023\/03\/veranstaltungen_1-e1680873698745-768x582.jpg 768w, https:\/\/feuerwehr-mupperg.de\/wp-content\/uploads\/2023\/03\/veranstaltungen_1-e1680873698745.jpg 1127w\" sizes=\"(max-width: 1024px) 100vw, 1024px\" \/><\/a><figcaption class=\"wp-element-caption\">Dorffest 2022<\/figcaption><\/figure>\n<\/div>\n<\/div>\n\n\n\n<p class=\"has-white-color has-text-color\"><\/p>\n\n\n\n<p class=\"has-text-align-left\"><strong>Die aktuellen Termine 2026:<\/strong><\/p>\n\n\n\n<div class=\"wp-block-columns is-layout-flex wp-container-core-columns-layout-3 wp-block-columns-is-layout-flex\">\n<div class=\"wp-block-column is-layout-flow wp-block-column-is-layout-flow\">\n<p>Am <strong>17. Februar<\/strong>, den <strong>Faschingsdienstag<\/strong>, geht es zum traditionellen Millich- und Porreebr\u00fchessen in den Roten Ochsen.<\/p>\n\n\n\n<p>Am <strong>20. Mai<\/strong> ist der <strong>TGL-Cup<\/strong> und der <strong>Kreisfeuerwehrtag<\/strong> auf dem Sportplatz in Mupperg.<\/p>\n\n\n\n<p>Vom <strong>27. bis 28. Juni <\/strong>steht unser <strong>Mupperger Dorffest<\/strong> auf dem Programm, wie immer auf dem Kirchhof.<\/p>\n\n\n\n<p>Am <strong>11. November<\/strong> l\u00e4uft der <strong>Martinsumzug<\/strong> durch&#8217;s Dorf und abschlie\u00dfend Verk\u00f6stigung auf dem Kirchhof in Mupperg. <\/p>\n\n\n\n<p>Am <strong>29. November<\/strong> laden wir wieder zur unserer traumhaften <strong>Mupperger<\/strong> <strong>Dorfweihnacht<\/strong> auf dem Kirchhof in Mupperg ein.<\/p>\n\n\n\n<p>Am <strong>12. Dezember<\/strong> zum Jahresabschluss dann unsere gro\u00dfe <strong>Vereinsweihnachtsfeier<\/strong> im &#8220;Roten Ochsen&#8221;. <\/p>\n<\/div>\n<\/div>\n\n\n\n<p class=\"has-white-color has-text-color\">.<\/p>\n\n\n\n<p><\/p>\n\n\n\n<p class=\"has-white-color has-text-color\"><\/p>\n\n\n<div class=\"wp-block-image is-style-default\">\n<figure class=\"aligncenter size-full is-resized\"><img loading=\"lazy\" decoding=\"async\" width=\"358\" height=\"358\" src=\"http:\/\/feuerwehr-mupperg.de\/wp-content\/uploads\/2023\/02\/logo_web_2b.jpg\" alt=\"\" class=\"wp-image-929\" style=\"width:179px;height:179px\" srcset=\"https:\/\/feuerwehr-mupperg.de\/wp-content\/uploads\/2023\/02\/logo_web_2b.jpg 358w, https:\/\/feuerwehr-mupperg.de\/wp-content\/uploads\/2023\/02\/logo_web_2b-300x300.jpg 300w, https:\/\/feuerwehr-mupperg.de\/wp-content\/uploads\/2023\/02\/logo_web_2b-150x150.jpg 150w\" sizes=\"(max-width: 358px) 100vw, 358px\" \/><\/figure><\/div>\n\n\n<p class=\"has-text-align-center\">Feuerwehrverein Mupperg e.V.<\/p>\n","protected":false},"excerpt":{"rendered":"<p>Unsere Veranstaltungen, f\u00fcr unser Dorf. Der Feuerwehrverein Mupperg veranstaltete schon zahlreichen Events, wie das Dorffest, die Mupperger Dorfweihnacht, und im j\u00e4hrlichen Wechsel mit dem SV Mupperg die Kerwa Anfang Oktober. [&hellip;]<\/p>\n","protected":false},"author":1,"featured_media":0,"parent":0,"menu_order":0,"comment_status":"closed","ping_status":"closed","template":"","meta":{"footnotes":""},"yoast_head":"<!-- This site is optimized with the Yoast SEO plugin v23.5 - https:\/\/yoast.com\/wordpress\/plugins\/seo\/ -->\n<title>Unsere Events -<\/title>\n<meta name=\"robots\" content=\"index, follow, max-snippet:-1, max-image-preview:large, max-video-preview:-1\" \/>\n<link rel=\"canonical\" href=\"https:\/\/feuerwehr-mupperg.de\/?page_id=99\" \/>\n<meta property=\"og:locale\" content=\"de_DE\" \/>\n<meta property=\"og:type\" content=\"article\" \/>\n<meta property=\"og:title\" content=\"Unsere Events -\" \/>\n<meta property=\"og:description\" content=\"Unsere Veranstaltungen, f\u00fcr unser Dorf. Der Feuerwehrverein Mupperg veranstaltete schon zahlreichen Events, wie das Dorffest, die Mupperger Dorfweihnacht, und im j\u00e4hrlichen Wechsel mit dem SV Mupperg die Kerwa Anfang Oktober. [&hellip;]\" \/>\n<meta property=\"og:url\" content=\"https:\/\/feuerwehr-mupperg.de\/?page_id=99\" \/>\n<meta property=\"article:publisher\" content=\"https:\/\/www.facebook.com\/FFwMupperg\/?locale=de_DE\" \/>\n<meta property=\"article:modified_time\" content=\"2026-01-15T07:16:12+00:00\" \/>\n<meta property=\"og:image\" content=\"http:\/\/feuerwehr-mupperg.de\/wp-content\/uploads\/2023\/04\/event_6.jpg\" \/>\n<meta name=\"twitter:card\" content=\"summary_large_image\" \/>\n<meta name=\"twitter:label1\" content=\"Gesch\u00e4tzte Lesezeit\" \/>\n\t<meta name=\"twitter:data1\" content=\"3 Minuten\" \/>\n<script type=\"application\/ld+json\" class=\"yoast-schema-graph\">{\"@context\":\"https:\/\/schema.org\",\"@graph\":[{\"@type\":\"WebPage\",\"@id\":\"https:\/\/feuerwehr-mupperg.de\/?page_id=99\",\"url\":\"https:\/\/feuerwehr-mupperg.de\/?page_id=99\",\"name\":\"Unsere Events -\",\"isPartOf\":{\"@id\":\"https:\/\/feuerwehr-mupperg.de\/#website\"},\"primaryImageOfPage\":{\"@id\":\"https:\/\/feuerwehr-mupperg.de\/?page_id=99#primaryimage\"},\"image\":{\"@id\":\"https:\/\/feuerwehr-mupperg.de\/?page_id=99#primaryimage\"},\"thumbnailUrl\":\"http:\/\/feuerwehr-mupperg.de\/wp-content\/uploads\/2023\/04\/event_6.jpg\",\"datePublished\":\"2023-02-10T10:07:15+00:00\",\"dateModified\":\"2026-01-15T07:16:12+00:00\",\"breadcrumb\":{\"@id\":\"https:\/\/feuerwehr-mupperg.de\/?page_id=99#breadcrumb\"},\"inLanguage\":\"de-DE\",\"potentialAction\":[{\"@type\":\"ReadAction\",\"target\":[\"https:\/\/feuerwehr-mupperg.de\/?page_id=99\"]}]},{\"@type\":\"ImageObject\",\"inLanguage\":\"de-DE\",\"@id\":\"https:\/\/feuerwehr-mupperg.de\/?page_id=99#primaryimage\",\"url\":\"http:\/\/feuerwehr-mupperg.de\/wp-content\/uploads\/2023\/04\/event_6.jpg\",\"contentUrl\":\"http:\/\/feuerwehr-mupperg.de\/wp-content\/uploads\/2023\/04\/event_6.jpg\"},{\"@type\":\"BreadcrumbList\",\"@id\":\"https:\/\/feuerwehr-mupperg.de\/?page_id=99#breadcrumb\",\"itemListElement\":[{\"@type\":\"ListItem\",\"position\":1,\"name\":\"Startseite\",\"item\":\"https:\/\/feuerwehr-mupperg.de\/\"},{\"@type\":\"ListItem\",\"position\":2,\"name\":\"Unsere Events\"}]},{\"@type\":\"WebSite\",\"@id\":\"https:\/\/feuerwehr-mupperg.de\/#website\",\"url\":\"https:\/\/feuerwehr-mupperg.de\/\",\"name\":\"feuerwehr-mupperg.de\",\"description\":\"\",\"publisher\":{\"@id\":\"https:\/\/feuerwehr-mupperg.de\/#organization\"},\"potentialAction\":[{\"@type\":\"SearchAction\",\"target\":{\"@type\":\"EntryPoint\",\"urlTemplate\":\"https:\/\/feuerwehr-mupperg.de\/?s={search_term_string}\"},\"query-input\":{\"@type\":\"PropertyValueSpecification\",\"valueRequired\":true,\"valueName\":\"search_term_string\"}}],\"inLanguage\":\"de-DE\"},{\"@type\":\"Organization\",\"@id\":\"https:\/\/feuerwehr-mupperg.de\/#organization\",\"name\":\"Feuerwehrverein Mupperg e.V.\",\"url\":\"https:\/\/feuerwehr-mupperg.de\/\",\"logo\":{\"@type\":\"ImageObject\",\"inLanguage\":\"de-DE\",\"@id\":\"https:\/\/feuerwehr-mupperg.de\/#\/schema\/logo\/image\/\",\"url\":\"https:\/\/feuerwehr-mupperg.de\/wp-content\/uploads\/2023\/02\/cropped-cropped-logo_web_b-1.jpg\",\"contentUrl\":\"https:\/\/feuerwehr-mupperg.de\/wp-content\/uploads\/2023\/02\/cropped-cropped-logo_web_b-1.jpg\",\"width\":300,\"height\":421,\"caption\":\"Feuerwehrverein Mupperg e.V.\"},\"image\":{\"@id\":\"https:\/\/feuerwehr-mupperg.de\/#\/schema\/logo\/image\/\"},\"sameAs\":[\"https:\/\/www.facebook.com\/FFwMupperg\/?locale=de_DE\"]}]}<\/script>\n<!-- \/ Yoast SEO plugin. -->","yoast_head_json":{"title":"Unsere Events -","robots":{"index":"index","follow":"follow","max-snippet":"max-snippet:-1","max-image-preview":"max-image-preview:large","max-video-preview":"max-video-preview:-1"},"canonical":"https:\/\/feuerwehr-mupperg.de\/?page_id=99","og_locale":"de_DE","og_type":"article","og_title":"Unsere Events -","og_description":"Unsere Veranstaltungen, f\u00fcr unser Dorf. Der Feuerwehrverein Mupperg veranstaltete schon zahlreichen Events, wie das Dorffest, die Mupperger Dorfweihnacht, und im j\u00e4hrlichen Wechsel mit dem SV Mupperg die Kerwa Anfang Oktober. [&hellip;]","og_url":"https:\/\/feuerwehr-mupperg.de\/?page_id=99","article_publisher":"https:\/\/www.facebook.com\/FFwMupperg\/?locale=de_DE","article_modified_time":"2026-01-15T07:16:12+00:00","og_image":[{"url":"http:\/\/feuerwehr-mupperg.de\/wp-content\/uploads\/2023\/04\/event_6.jpg"}],"twitter_card":"summary_large_image","twitter_misc":{"Gesch\u00e4tzte Lesezeit":"3 Minuten"},"schema":{"@context":"https:\/\/schema.org","@graph":[{"@type":"WebPage","@id":"https:\/\/feuerwehr-mupperg.de\/?page_id=99","url":"https:\/\/feuerwehr-mupperg.de\/?page_id=99","name":"Unsere Events -","isPartOf":{"@id":"https:\/\/feuerwehr-mupperg.de\/#website"},"primaryImageOfPage":{"@id":"https:\/\/feuerwehr-mupperg.de\/?page_id=99#primaryimage"},"image":{"@id":"https:\/\/feuerwehr-mupperg.de\/?page_id=99#primaryimage"},"thumbnailUrl":"http:\/\/feuerwehr-mupperg.de\/wp-content\/uploads\/2023\/04\/event_6.jpg","datePublished":"2023-02-10T10:07:15+00:00","dateModified":"2026-01-15T07:16:12+00:00","breadcrumb":{"@id":"https:\/\/feuerwehr-mupperg.de\/?page_id=99#breadcrumb"},"inLanguage":"de-DE","potentialAction":[{"@type":"ReadAction","target":["https:\/\/feuerwehr-mupperg.de\/?page_id=99"]}]},{"@type":"ImageObject","inLanguage":"de-DE","@id":"https:\/\/feuerwehr-mupperg.de\/?page_id=99#primaryimage","url":"http:\/\/feuerwehr-mupperg.de\/wp-content\/uploads\/2023\/04\/event_6.jpg","contentUrl":"http:\/\/feuerwehr-mupperg.de\/wp-content\/uploads\/2023\/04\/event_6.jpg"},{"@type":"BreadcrumbList","@id":"https:\/\/feuerwehr-mupperg.de\/?page_id=99#breadcrumb","itemListElement":[{"@type":"ListItem","position":1,"name":"Startseite","item":"https:\/\/feuerwehr-mupperg.de\/"},{"@type":"ListItem","position":2,"name":"Unsere Events"}]},{"@type":"WebSite","@id":"https:\/\/feuerwehr-mupperg.de\/#website","url":"https:\/\/feuerwehr-mupperg.de\/","name":"feuerwehr-mupperg.de","description":"","publisher":{"@id":"https:\/\/feuerwehr-mupperg.de\/#organization"},"potentialAction":[{"@type":"SearchAction","target":{"@type":"EntryPoint","urlTemplate":"https:\/\/feuerwehr-mupperg.de\/?s={search_term_string}"},"query-input":{"@type":"PropertyValueSpecification","valueRequired":true,"valueName":"search_term_string"}}],"inLanguage":"de-DE"},{"@type":"Organization","@id":"https:\/\/feuerwehr-mupperg.de\/#organization","name":"Feuerwehrverein Mupperg e.V.","url":"https:\/\/feuerwehr-mupperg.de\/","logo":{"@type":"ImageObject","inLanguage":"de-DE","@id":"https:\/\/feuerwehr-mupperg.de\/#\/schema\/logo\/image\/","url":"https:\/\/feuerwehr-mupperg.de\/wp-content\/uploads\/2023\/02\/cropped-cropped-logo_web_b-1.jpg","contentUrl":"https:\/\/feuerwehr-mupperg.de\/wp-content\/uploads\/2023\/02\/cropped-cropped-logo_web_b-1.jpg","width":300,"height":421,"caption":"Feuerwehrverein Mupperg e.V."},"image":{"@id":"https:\/\/feuerwehr-mupperg.de\/#\/schema\/logo\/image\/"},"sameAs":["https:\/\/www.facebook.com\/FFwMupperg\/?locale=de_DE"]}]}},"_links":{"self":[{"href":"https:\/\/feuerwehr-mupperg.de\/index.php?rest_route=\/wp\/v2\/pages\/99"}],"collection":[{"href":"https:\/\/feuerwehr-mupperg.de\/index.php?rest_route=\/wp\/v2\/pages"}],"about":[{"href":"https:\/\/feuerwehr-mupperg.de\/index.php?rest_route=\/wp\/v2\/types\/page"}],"author":[{"embeddable":true,"href":"https:\/\/feuerwehr-mupperg.de\/index.php?rest_route=\/wp\/v2\/users\/1"}],"replies":[{"embeddable":true,"href":"https:\/\/feuerwehr-mupperg.de\/index.php?rest_route=%2Fwp%2Fv2%2Fcomments&post=99"}],"version-history":[{"count":55,"href":"https:\/\/feuerwehr-mupperg.de\/index.php?rest_route=\/wp\/v2\/pages\/99\/revisions"}],"predecessor-version":[{"id":1792,"href":"https:\/\/feuerwehr-mupperg.de\/index.php?rest_route=\/wp\/v2\/pages\/99\/revisions\/1792"}],"wp:attachment":[{"href":"https:\/\/feuerwehr-mupperg.de\/index.php?rest_route=%2Fwp%2Fv2%2Fmedia&parent=99"}],"curies":[{"name":"wp","href":"https:\/\/api.w.org\/{rel}","templated":true}]}}